{"id":1296,"date":"2019-11-15T23:16:39","date_gmt":"2019-11-15T22:16:39","guid":{"rendered":"https:\/\/kreativclub-kiel.de\/?page_id=1296"},"modified":"2021-10-05T17:20:01","modified_gmt":"2021-10-05T15:20:01","slug":"veranstaltungen-2020","status":"publish","type":"page","link":"https:\/\/kreativclub-kiel.de\/?page_id=1296","title":{"rendered":"Veranstaltungen 2021"},"content":{"rendered":"\n<p><strong>24. Oktober 2021<\/strong><\/p>\n\n\n\n<p><strong> Herbstgefl\u00fcster auf Hof Akkerboom<\/strong><\/p>\n\n\n\n<p> Wir sind dabei.<\/p>\n\n\n\n<p><\/p>\n\n\n\n<p><\/p>\n\n\n\n<p><\/p>\n\n\n\n<p><\/p>\n\n\n\n<p> <\/p>\n\n\n\n<h2 class=\"wp-block-heading\">Mettenhofer Kulturtage<\/h2>\n\n\n\n<p><\/p>\n\n\n\n<p><strong>30. Oktober 2021<\/strong><\/p>\n\n\n\n<p>Perlenminiaturausstellung mit Cafe in der Palette 6<\/p>\n\n\n\n<p><\/p>\n\n\n\n<p><strong>31. Oktober 2021<\/strong><\/p>\n\n\n\n<p>Perlenminiaturausstellung mit Workshop f\u00fcr Kinder.<\/p>\n\n\n\n<p>Wir f\u00e4deln einfache Ketten und Armb\u00e4nder.<\/p>\n\n\n\n<figure class=\"wp-block-image size-large\"><a href=\"https:\/\/kreativclub-kiel.de\/wp-content\/uploads\/2021\/10\/IMG_20210627_1842555402-1-scaled.jpg\"><img loading=\"lazy\" decoding=\"async\" width=\"1024\" height=\"704\" src=\"https:\/\/kreativclub-kiel.de\/wp-content\/uploads\/2021\/10\/IMG_20210627_1842555402-1-1024x704.jpg\" alt=\"\" class=\"wp-image-1397\" srcset=\"https:\/\/kreativclub-kiel.de\/wp-content\/uploads\/2021\/10\/IMG_20210627_1842555402-1-1024x704.jpg 1024w, https:\/\/kreativclub-kiel.de\/wp-content\/uploads\/2021\/10\/IMG_20210627_1842555402-1-300x206.jpg 300w, https:\/\/kreativclub-kiel.de\/wp-content\/uploads\/2021\/10\/IMG_20210627_1842555402-1-768x528.jpg 768w, https:\/\/kreativclub-kiel.de\/wp-content\/uploads\/2021\/10\/IMG_20210627_1842555402-1-1536x1056.jpg 1536w, https:\/\/kreativclub-kiel.de\/wp-content\/uploads\/2021\/10\/IMG_20210627_1842555402-1-2048x1408.jpg 2048w\" sizes=\"auto, (max-width: 1024px) 100vw, 1024px\" \/><\/a><\/figure>\n","protected":false},"excerpt":{"rendered":"<p>24. Oktober 2021 Herbstgefl\u00fcster auf Hof Akkerboom Wir sind dabei. Mettenhofer Kulturtage 30. Oktober 2021 Perlenminiaturausstellung mit Cafe in der Palette 6 31. Oktober 2021 Perlenminiaturausstellung mit Workshop f\u00fcr Kinder. Wir f\u00e4deln einfache Ketten und Armb\u00e4nder.<\/p>\n","protected":false},"author":3,"featured_media":0,"parent":0,"menu_order":0,"comment_status":"closed","ping_status":"closed","template":"","meta":{"footnotes":""},"class_list":["post-1296","page","type-page","status-publish","hentry"],"_links":{"self":[{"href":"https:\/\/kreativclub-kiel.de\/index.php?rest_route=\/wp\/v2\/pages\/1296","targetHints":{"allow":["GET"]}}],"collection":[{"href":"https:\/\/kreativclub-kiel.de\/index.php?rest_route=\/wp\/v2\/pages"}],"about":[{"href":"https:\/\/kreativclub-kiel.de\/index.php?rest_route=\/wp\/v2\/types\/page"}],"author":[{"embeddable":true,"href":"https:\/\/kreativclub-kiel.de\/index.php?rest_route=\/wp\/v2\/users\/3"}],"replies":[{"embeddable":true,"href":"https:\/\/kreativclub-kiel.de\/index.php?rest_route=%2Fwp%2Fv2%2Fcomments&post=1296"}],"version-history":[{"count":4,"href":"https:\/\/kreativclub-kiel.de\/index.php?rest_route=\/wp\/v2\/pages\/1296\/revisions"}],"predecessor-version":[{"id":1405,"href":"https:\/\/kreativclub-kiel.de\/index.php?rest_route=\/wp\/v2\/pages\/1296\/revisions\/1405"}],"wp:attachment":[{"href":"https:\/\/kreativclub-kiel.de\/index.php?rest_route=%2Fwp%2Fv2%2Fmedia&parent=1296"}],"curies":[{"name":"wp","href":"https:\/\/api.w.org\/{rel}","templated":true}]}}